{"id":116,"date":"2017-04-19T09:12:18","date_gmt":"2017-04-19T08:12:18","guid":{"rendered":"https:\/\/www.gaztedibusturialdea.eus\/nortzuk-gara\/"},"modified":"2025-05-20T11:45:32","modified_gmt":"2025-05-20T10:45:32","slug":"quienes-somos","status":"publish","type":"page","link":"https:\/\/www.gaztedibusturialdea.eus\/es\/quienes-somos\/","title":{"rendered":"Qui\u00e9nes somos"},"content":{"rendered":"<p>En 2013 varios municipios de la comarca y la Diputaci\u00f3n Foral de Bizkaia pusimos en marcha el proyecto Gaztedi Busturialdea. <strong>En la actualidad somos dieciocho los municipios de la comarca que conformamos el proyecto<\/strong>: Ajangiz, Arratzu, Bermeo, Busturia, Elantxobe, Ere\u00f1o, Errigoiti, Foru, Gautegiz Arteaga, Gernika-Lumo, Kortezubi, Mendata, Morga, Mundaka, Murueta, Muxika, Nabarniz eta Sukarrieta. Con el objetivo de fomentar el desarrollo de los y las j\u00f3venes de Busturialdea, cada a\u00f1o llevamos a cabo diferentes programas. Por ejemplo, para mejorar las condiciones de empleabilidad de las personas j\u00f3venes de la comarca ofrecemos un programa de becas basado en las necesidades reales del mercado laboral de Busturialdea.<\/p>\n<p><strong>Las personas beneficiarias del proyecto son principalmente j\u00f3venes de entre 16 y 35 a\u00f1os de Busturialdea. Los esfuerzos de los ayuntamientos se unen para mejorar su situaci\u00f3n laboral y social<\/strong>.<\/p>\n<blockquote><p><span style=\"color: #000080;\">\u00abNuestro objetivo es promover el desarrollo personal y laboral de las personas j\u00f3venes para ayudarles a \u00a0prepararse para el futuro\u00bb<\/span><\/p><\/blockquote>\n<p>Organizamos numerosas actividades y formaci\u00f3n para mejorar la empleabilidad de los y las j\u00f3venes de la comarca. As\u00ed, <strong>ofrecemos orientaci\u00f3n, formaci\u00f3n y seguimiento a los j\u00f3venes de Busturialdea<\/strong>, abordando sus <strong>capacidades personales y profesionales<\/strong>. Todo ello se enmarca dentro de la estrategia &#8216;Gaztedi Bizkaia&#8217;.<\/p>\n<p><strong>La estrategia &#8216;Gaztedi Bizkaia&#8217;<\/strong>, impulsada por la Diputaci\u00f3n Foral de Bizkaia, <strong>pretende poner en marcha pol\u00edticas de juventud en las comarcas y pueblos<\/strong>, estableciendo los servicios necesarios para ello.<\/p>\n<p>Las principales \u00e1reas de actuaci\u00f3n son ocho: Educaci\u00f3n y Formaci\u00f3n; Empleo y Emprendimiento; Intervenci\u00f3n Social; Salud y Bienestar; Cultura y Creatividad; Compromiso Social; Participaci\u00f3n e Internacionalizaci\u00f3n.<\/p>\n<p><strong>La Diputaci\u00f3n Foral de Bizkaia<\/strong> ha realizado una inversi\u00f3n de casi tres millones de euros en las comarcas y pueblos de Bizkaia hasta el a\u00f1o 2019 y <strong>lo ha seguido haciendo durante los \u00faltimos a\u00f1os para la implantaci\u00f3n, impulso y desarrollo de pol\u00edticas integrales de juventud<\/strong>. De hecho, es imprescindible <strong>coordinar desde una perspectiva global todas aquellas actuaciones en materia de juventud<\/strong> a llevar a cabo por la Administraci\u00f3n foral y las entidades que integran la Administraci\u00f3n local del Territorio Hist\u00f3rico de Bizkaia en los distintos \u00e1mbitos de la vida de las personas j\u00f3venes: formaci\u00f3n, trabajo, vivienda, identidad, idioma, participaci\u00f3n, equilibrio territorial, cohesi\u00f3n y compromiso social, desarrollo comunitario, medio ambiente, desarrollo sostenible y movilidad.<\/p>\n<p><img loading=\"lazy\" decoding=\"async\" class=\"size-medium wp-image-1215 alignleft\" src=\"https:\/\/www.gaztedibusturialdea.eus\/wp-content\/uploads\/2020\/04\/gaztedi-web-2-Portatilean-600x400.jpg\" alt=\"\" width=\"600\" height=\"400\" srcset=\"https:\/\/www.gaztedibusturialdea.eus\/wp-content\/uploads\/2020\/04\/gaztedi-web-2-Portatilean-600x400.jpg 600w, https:\/\/www.gaztedibusturialdea.eus\/wp-content\/uploads\/2020\/04\/gaztedi-web-2-Portatilean-768x512.jpg 768w, https:\/\/www.gaztedibusturialdea.eus\/wp-content\/uploads\/2020\/04\/gaztedi-web-2-Portatilean.jpg 1000w\" sizes=\"auto, (max-width: 600px) 100vw, 600px\" \/><\/p>\n<ul class=\"social-buttons\">\n\n\t\t    <li>\n\t\t    <a class=\"icon-twitter\" href=\"http:\/\/twitter.com\/share?text=Qui\u00e9nes somos&url=https:\/\/www.gaztedibusturialdea.eus\/es\/quienes-somos\/\"\n            onclick=\"window.open(this.href, 'twitter-share', 'width=550,height=235');return false;\">\n            <span><\/span>\n\t\t\t<\/a>\n\t\t    <\/li>\n\t\t    <li>\n\t\t    <a class=\"icon-fb\" href=\"https:\/\/www.facebook.com\/sharer\/sharer.php?u=https:\/\/www.gaztedibusturialdea.eus\/es\/quienes-somos\/\"\n             onclick=\"window.open(this.href, 'facebook-share','width=580,height=296');return false;\">\n            <span><\/span>\n\t\t\t<\/a>\n\t\t    <\/li>\n\t\t    <li>\n\t\t    <a class=\"icon-gplus\" href=\"https:\/\/plus.google.com\/share?url=https:\/\/www.gaztedibusturialdea.eus\/es\/quienes-somos\/\"\n           onclick=\"window.open(this.href, 'google-plus-share', 'width=490,height=530');return false;\">\n            <span><\/span>\n\t\t\t<\/a>\n\t\t    <\/li>\n\t\t\t\n\t\t\t<li>\n\t\t    \t<a class=\"icon-linkedin\" href=\"https:\/\/www.linkedin.com\/shareArticle?mini=true&url=https:\/\/www.gaztedibusturialdea.eus\/es\/quienes-somos\/&title=Qui\u00e9nes somos\">\n\t\t    \t<span><\/span>\n\t\t    \t<\/a>\n\t\t    <\/li>\n\t\t    \n\t\t\t\n\t\t\t<li>\n\t\t    \t<a class=\"visible-xs icon-whatsapp\" href=\"whatsapp:\/\/send?text=https:\/\/www.gaztedibusturialdea.eus\/es\/quienes-somos\/\" data-action=\"share\/whatsapp\/share\"><\/a>\n\t\t    <\/li>\n\t\t    \n\t\t    \n\t\t\t<\/ul>","protected":false},"excerpt":{"rendered":"<p>En 2013 varios municipios de la comarca y la Diputaci\u00f3n Foral de Bizkaia pusimos en marcha el proyecto Gaztedi Busturialdea. En la actualidad somos dieciocho los municipios de la comarca [&hellip;]<\/p>\n","protected":false},"author":3,"featured_media":530,"parent":0,"menu_order":0,"comment_status":"closed","ping_status":"closed","template":"page-templates\/page-full.php","meta":{"footnotes":""},"class_list":["post-116","page","type-page","status-publish","has-post-thumbnail","hentry"],"_links":{"self":[{"href":"https:\/\/www.gaztedibusturialdea.eus\/es\/wp-json\/wp\/v2\/pages\/116","targetHints":{"allow":["GET"]}}],"collection":[{"href":"https:\/\/www.gaztedibusturialdea.eus\/es\/wp-json\/wp\/v2\/pages"}],"about":[{"href":"https:\/\/www.gaztedibusturialdea.eus\/es\/wp-json\/wp\/v2\/types\/page"}],"author":[{"embeddable":true,"href":"https:\/\/www.gaztedibusturialdea.eus\/es\/wp-json\/wp\/v2\/users\/3"}],"replies":[{"embeddable":true,"href":"https:\/\/www.gaztedibusturialdea.eus\/es\/wp-json\/wp\/v2\/comments?post=116"}],"version-history":[{"count":24,"href":"https:\/\/www.gaztedibusturialdea.eus\/es\/wp-json\/wp\/v2\/pages\/116\/revisions"}],"predecessor-version":[{"id":1864,"href":"https:\/\/www.gaztedibusturialdea.eus\/es\/wp-json\/wp\/v2\/pages\/116\/revisions\/1864"}],"wp:featuredmedia":[{"embeddable":true,"href":"https:\/\/www.gaztedibusturialdea.eus\/es\/wp-json\/wp\/v2\/media\/530"}],"wp:attachment":[{"href":"https:\/\/www.gaztedibusturialdea.eus\/es\/wp-json\/wp\/v2\/media?parent=116"}],"curies":[{"name":"wp","href":"https:\/\/api.w.org\/{rel}","templated":true}]}}